{"id":5,"date":"2014-12-24T14:29:53","date_gmt":"2014-12-24T13:29:53","guid":{"rendered":"http:\/\/www.asti-ticino.ch\/asti\/?page_id=5"},"modified":"2019-11-08T09:08:47","modified_gmt":"2019-11-08T08:08:47","slug":"documenti","status":"publish","type":"page","link":"https:\/\/www.asti-ticino.ch\/asti\/documenti\/","title":{"rendered":"Documenti"},"content":{"rendered":"<ul>\n<li><strong><a href=\"http:\/\/www.asti-ticino.ch\/asti\/wp-content\/uploads\/2014\/12\/Statuto-ASTi-2018.pdf\">Statuto ASTi<\/a>, versione marzo 2018.<\/strong><\/li>\n<\/ul>\n<ul>\n<li><strong>Documenti e regolamenti sezioni:<\/strong>\n<ul>\n<li><a href=\"http:\/\/www.asti-ticino.ch\/co\">Corsa d&#8217;orientamento<\/a><\/li>\n<li><a href=\"http:\/\/www.asti-ticino.ch\/podismo\">Podismo<\/a><\/li>\n<li><a href=\"http:\/\/www.asti-ticino.ch\/staffette\">Staffette<\/a><\/li>\n<\/ul>\n<\/li>\n<\/ul>\n<ul>\n<li><strong>Le societ\u00e0 affiliate all&#8217;ASTi.<\/strong>\n<ul>\n<li>Lista <a href=\"http:\/\/www.asti-ticino.ch\/asti\/wp-content\/uploads\/2014\/12\/Societa-ASTI.pdf\">Societ\u00e0 ASTI<\/a><\/li>\n<\/ul>\n<\/li>\n<\/ul>\n<ul>\n<li><strong>Calendari ASTi <\/strong><\/li>\n<li><em><strong>2019<\/strong><\/em><a href=\"http:\/\/www.asti-ticino.ch\/asti\/wp-content\/uploads\/2018\/12\/Copertina-2019-davanti.jpg\"><br \/>\n<img loading=\"lazy\" decoding=\"async\" class=\"alignnone wp-image-364\" src=\"http:\/\/www.asti-ticino.ch\/asti\/wp-content\/uploads\/2018\/12\/Copertina-2019-davanti-212x300.jpg\" alt=\"Copertina 2019 davanti\" width=\"96\" height=\"136\" srcset=\"https:\/\/www.asti-ticino.ch\/asti\/wp-content\/uploads\/2018\/12\/Copertina-2019-davanti-212x300.jpg 212w, https:\/\/www.asti-ticino.ch\/asti\/wp-content\/uploads\/2018\/12\/Copertina-2019-davanti.jpg 621w\" sizes=\"auto, (max-width: 96px) 100vw, 96px\" \/><\/a> <a href=\"http:\/\/www.asti-ticino.ch\/asti\/wp-content\/uploads\/2018\/12\/Copertina-2019-dietro.jpg\"><img loading=\"lazy\" decoding=\"async\" class=\"alignnone wp-image-365\" src=\"http:\/\/www.asti-ticino.ch\/asti\/wp-content\/uploads\/2018\/12\/Copertina-2019-dietro-214x300.jpg\" alt=\"Copertina 2019 dietro\" width=\"97\" height=\"136\" srcset=\"https:\/\/www.asti-ticino.ch\/asti\/wp-content\/uploads\/2018\/12\/Copertina-2019-dietro-214x300.jpg 214w, https:\/\/www.asti-ticino.ch\/asti\/wp-content\/uploads\/2018\/12\/Copertina-2019-dietro.jpg 625w\" sizes=\"auto, (max-width: 97px) 100vw, 97px\" \/><\/a><\/li>\n<\/ul>\n<ul>\n<li>Il libretto-calendario potr\u00e0 essere ritirato gratuitamente in occasione di una delle manifestazioni podistiche dell\u2019ASTi.<br \/>\nUna copia cartacea si pu\u00f2 ottenere anche scrivendo a Dino Bersacola, 6702 Claro, allegando una busta affrancata con il proprio indirizzo.<\/li>\n<li>Versione PDF qui <a href=\"http:\/\/www.asti-ticino.ch\/asti\/wp-content\/uploads\/2018\/12\/ASTI_AGENDA_CALENDARIO_2019_WEB.pdf\">ASTI AGENDA CALENDARIO 2019<\/a><\/li>\n<\/ul>\n<ul>\n<li><em><strong>2018<\/strong><\/em><a href=\"http:\/\/www.asti-ticino.ch\/asti\/wp-content\/uploads\/2018\/02\/ASTi-COPERTINA-calendario.jpg\"><br \/>\n<img loading=\"lazy\" decoding=\"async\" class=\"alignnone wp-image-224\" src=\"http:\/\/www.asti-ticino.ch\/asti\/wp-content\/uploads\/2018\/02\/ASTi-COPERTINA-calendario-225x300.jpg\" alt=\"ASTi-COPERTINA calendario\" width=\"86\" height=\"115\" srcset=\"https:\/\/www.asti-ticino.ch\/asti\/wp-content\/uploads\/2018\/02\/ASTi-COPERTINA-calendario-225x300.jpg 225w, https:\/\/www.asti-ticino.ch\/asti\/wp-content\/uploads\/2018\/02\/ASTi-COPERTINA-calendario.jpg 639w\" sizes=\"auto, (max-width: 86px) 100vw, 86px\" \/><\/a> <a href=\"http:\/\/www.asti-ticino.ch\/asti\/wp-content\/uploads\/2018\/02\/ASTi-COPERTINA-calendario-retro.jpg\"><img loading=\"lazy\" decoding=\"async\" class=\"alignnone wp-image-223\" src=\"http:\/\/www.asti-ticino.ch\/asti\/wp-content\/uploads\/2018\/02\/ASTi-COPERTINA-calendario-retro-224x300.jpg\" alt=\"ASTi-COPERTINA calendario retro\" width=\"86\" height=\"115\" srcset=\"https:\/\/www.asti-ticino.ch\/asti\/wp-content\/uploads\/2018\/02\/ASTi-COPERTINA-calendario-retro-224x300.jpg 224w, https:\/\/www.asti-ticino.ch\/asti\/wp-content\/uploads\/2018\/02\/ASTi-COPERTINA-calendario-retro.jpg 634w\" sizes=\"auto, (max-width: 86px) 100vw, 86px\" \/><br \/>\n<\/a>Versione PDF qui: <a href=\"http:\/\/www.asti-ticino.ch\/asti\/wp-content\/uploads\/2018\/02\/ASTI_libretto-calendario_2018_web.pdf\">ASTI_libretto-calendario 2018<\/a>La <strong>premiazione ASTi 2018<\/strong> si \u00e8 svolta a Caslano, dove l\u2019Unitas Malcantone ha accolto calorosamente i partecipanti e i premiati. Un grazie all\u2019Unitas e un grazie a tutti i presenti e a tutti gli atleti che hanno ritirato il loro omaggio dopo gli sforzi profusi sulle strade, montagne e boschi della Svizzera italiana e non solo. Le fotografie di Nicola Carenini: <a href=\"https:\/\/1drv.ms\/f\/s!AuQxQeFmJpEY1iTSiH-z0psVZrUZ\">LINK<\/a><\/li>\n<\/ul>\n<ul>\n<li>\n<div class=\"postcontent\">\n<p><strong>L&#8217;ASTi c&#8217;\u00e8, opuscolo ASTi del 2015<\/strong><\/p>\n<p><a href=\"http:\/\/www.asti-ticino.ch\/asti\/wp-content\/uploads\/2014\/12\/Opuscolo-ASTI-2015-copertina.jpg\"><img loading=\"lazy\" decoding=\"async\" class=\"alignnone wp-image-246\" src=\"http:\/\/www.asti-ticino.ch\/asti\/wp-content\/uploads\/2014\/12\/Opuscolo-ASTI-2015-copertina-153x300.jpg\" alt=\"Opuscolo ASTI 2015 - copertina\" width=\"119\" height=\"234\" srcset=\"https:\/\/www.asti-ticino.ch\/asti\/wp-content\/uploads\/2014\/12\/Opuscolo-ASTI-2015-copertina-153x300.jpg 153w, https:\/\/www.asti-ticino.ch\/asti\/wp-content\/uploads\/2014\/12\/Opuscolo-ASTI-2015-copertina.jpg 435w\" sizes=\"auto, (max-width: 119px) 100vw, 119px\" \/><\/a><a href=\"http:\/\/www.asti-ticino.ch\/asti\/wp-content\/uploads\/2014\/12\/asti_dal_1929_web.pdf\">Opuscolo ASTI 2015<\/a><\/p>\n<p><a href=\"http:\/\/www.asti-ticino.ch\/asti\/wp-content\/uploads\/2014\/12\/Opuscolo-ASTI-2015-societa-copertina.jpg\"><img loading=\"lazy\" decoding=\"async\" class=\"alignnone wp-image-245\" src=\"http:\/\/www.asti-ticino.ch\/asti\/wp-content\/uploads\/2014\/12\/Opuscolo-ASTI-2015-societa-copertina-150x300.jpg\" alt=\"Opuscolo ASTI 2015 - societa - copertina\" width=\"120\" height=\"240\" srcset=\"https:\/\/www.asti-ticino.ch\/asti\/wp-content\/uploads\/2014\/12\/Opuscolo-ASTI-2015-societa-copertina-150x300.jpg 150w, https:\/\/www.asti-ticino.ch\/asti\/wp-content\/uploads\/2014\/12\/Opuscolo-ASTI-2015-societa-copertina.jpg 467w\" sizes=\"auto, (max-width: 120px) 100vw, 120px\" \/><\/a><a href=\"http:\/\/www.asti-ticino.ch\/asti\/wp-content\/uploads\/2014\/12\/Opuscolo-ASTI-2015-societa.pdf\">Opuscolo ASTI 2015 &#8211; societ\u00e0<\/a><\/p>\n<p>&nbsp;<\/p>\n<p>&nbsp;<\/p>\n<\/div>\n<\/li>\n<\/ul>\n","protected":false},"excerpt":{"rendered":"<p>Statuto ASTi, versione marzo 2018. Documenti e regolamenti sezioni: Corsa d&#8217;orientamento Podismo Staffette Le societ\u00e0 affiliate all&#8217;ASTi. Lista Societ\u00e0 ASTI Calendari ASTi 2019 Il libretto-calendario potr\u00e0 essere ritirato gratuitamente in occasione di una delle manifestazioni podistiche dell\u2019ASTi. Una copia cartacea si pu\u00f2 ottenere anche scrivendo a Dino Bersacola, 6702 Claro, allegando una busta affrancata con [&hellip;]<\/p>\n","protected":false},"author":1,"featured_media":0,"parent":0,"menu_order":0,"comment_status":"closed","ping_status":"open","template":"","meta":{"_monsterinsights_skip_tracking":false,"_monsterinsights_sitenote_active":false,"_monsterinsights_sitenote_note":"","_monsterinsights_sitenote_category":0,"footnotes":""},"class_list":["post-5","page","type-page","status-publish","hentry"],"yoast_head":"<!-- This site is optimized with the Yoast SEO plugin v24.2 - https:\/\/yoast.com\/wordpress\/plugins\/seo\/ -->\n<title>Documenti - ASTi<\/title>\n<meta name=\"robots\" content=\"index, follow, max-snippet:-1, max-image-preview:large, max-video-preview:-1\" \/>\n<link rel=\"canonical\" href=\"https:\/\/www.asti-ticino.ch\/asti\/documenti\/\" \/>\n<meta property=\"og:locale\" content=\"it_IT\" \/>\n<meta property=\"og:type\" content=\"article\" \/>\n<meta property=\"og:title\" content=\"Documenti - ASTi\" \/>\n<meta property=\"og:description\" content=\"Statuto ASTi, versione marzo 2018. Documenti e regolamenti sezioni: Corsa d&#8217;orientamento Podismo Staffette Le societ\u00e0 affiliate all&#8217;ASTi. Lista Societ\u00e0 ASTI Calendari ASTi 2019 Il libretto-calendario potr\u00e0 essere ritirato gratuitamente in occasione di una delle manifestazioni podistiche dell\u2019ASTi. Una copia cartacea si pu\u00f2 ottenere anche scrivendo a Dino Bersacola, 6702 Claro, allegando una busta affrancata con [&hellip;]\" \/>\n<meta property=\"og:url\" content=\"https:\/\/www.asti-ticino.ch\/asti\/documenti\/\" \/>\n<meta property=\"og:site_name\" content=\"ASTi\" \/>\n<meta property=\"article:modified_time\" content=\"2019-11-08T08:08:47+00:00\" \/>\n<meta property=\"og:image\" content=\"http:\/\/www.asti-ticino.ch\/asti\/wp-content\/uploads\/2018\/12\/Copertina-2019-davanti-212x300.jpg\" \/>\n<meta name=\"twitter:label1\" content=\"Tempo di lettura stimato\" \/>\n\t<meta name=\"twitter:data1\" content=\"1 minuto\" \/>\n<script type=\"application\/ld+json\" class=\"yoast-schema-graph\">{\"@context\":\"https:\/\/schema.org\",\"@graph\":[{\"@type\":\"WebPage\",\"@id\":\"https:\/\/www.asti-ticino.ch\/asti\/documenti\/\",\"url\":\"https:\/\/www.asti-ticino.ch\/asti\/documenti\/\",\"name\":\"Documenti - ASTi\",\"isPartOf\":{\"@id\":\"https:\/\/www.asti-ticino.ch\/asti\/#website\"},\"primaryImageOfPage\":{\"@id\":\"https:\/\/www.asti-ticino.ch\/asti\/documenti\/#primaryimage\"},\"image\":{\"@id\":\"https:\/\/www.asti-ticino.ch\/asti\/documenti\/#primaryimage\"},\"thumbnailUrl\":\"http:\/\/www.asti-ticino.ch\/asti\/wp-content\/uploads\/2018\/12\/Copertina-2019-davanti-212x300.jpg\",\"datePublished\":\"2014-12-24T13:29:53+00:00\",\"dateModified\":\"2019-11-08T08:08:47+00:00\",\"breadcrumb\":{\"@id\":\"https:\/\/www.asti-ticino.ch\/asti\/documenti\/#breadcrumb\"},\"inLanguage\":\"it-IT\",\"potentialAction\":[{\"@type\":\"ReadAction\",\"target\":[\"https:\/\/www.asti-ticino.ch\/asti\/documenti\/\"]}]},{\"@type\":\"ImageObject\",\"inLanguage\":\"it-IT\",\"@id\":\"https:\/\/www.asti-ticino.ch\/asti\/documenti\/#primaryimage\",\"url\":\"https:\/\/www.asti-ticino.ch\/asti\/wp-content\/uploads\/2018\/12\/Copertina-2019-davanti.jpg\",\"contentUrl\":\"https:\/\/www.asti-ticino.ch\/asti\/wp-content\/uploads\/2018\/12\/Copertina-2019-davanti.jpg\",\"width\":621,\"height\":880},{\"@type\":\"BreadcrumbList\",\"@id\":\"https:\/\/www.asti-ticino.ch\/asti\/documenti\/#breadcrumb\",\"itemListElement\":[{\"@type\":\"ListItem\",\"position\":1,\"name\":\"Home\",\"item\":\"https:\/\/www.asti-ticino.ch\/asti\/\"},{\"@type\":\"ListItem\",\"position\":2,\"name\":\"Documenti\"}]},{\"@type\":\"WebSite\",\"@id\":\"https:\/\/www.asti-ticino.ch\/asti\/#website\",\"url\":\"https:\/\/www.asti-ticino.ch\/asti\/\",\"name\":\"ASTi\",\"description\":\"Associazione Sportiva Ticinese\",\"potentialAction\":[{\"@type\":\"SearchAction\",\"target\":{\"@type\":\"EntryPoint\",\"urlTemplate\":\"https:\/\/www.asti-ticino.ch\/asti\/?s={search_term_string}\"},\"query-input\":{\"@type\":\"PropertyValueSpecification\",\"valueRequired\":true,\"valueName\":\"search_term_string\"}}],\"inLanguage\":\"it-IT\"}]}<\/script>\n<!-- \/ Yoast SEO plugin. -->","yoast_head_json":{"title":"Documenti - ASTi","robots":{"index":"index","follow":"follow","max-snippet":"max-snippet:-1","max-image-preview":"max-image-preview:large","max-video-preview":"max-video-preview:-1"},"canonical":"https:\/\/www.asti-ticino.ch\/asti\/documenti\/","og_locale":"it_IT","og_type":"article","og_title":"Documenti - ASTi","og_description":"Statuto ASTi, versione marzo 2018. Documenti e regolamenti sezioni: Corsa d&#8217;orientamento Podismo Staffette Le societ\u00e0 affiliate all&#8217;ASTi. Lista Societ\u00e0 ASTI Calendari ASTi 2019 Il libretto-calendario potr\u00e0 essere ritirato gratuitamente in occasione di una delle manifestazioni podistiche dell\u2019ASTi. Una copia cartacea si pu\u00f2 ottenere anche scrivendo a Dino Bersacola, 6702 Claro, allegando una busta affrancata con [&hellip;]","og_url":"https:\/\/www.asti-ticino.ch\/asti\/documenti\/","og_site_name":"ASTi","article_modified_time":"2019-11-08T08:08:47+00:00","og_image":[{"url":"http:\/\/www.asti-ticino.ch\/asti\/wp-content\/uploads\/2018\/12\/Copertina-2019-davanti-212x300.jpg","type":"","width":"","height":""}],"twitter_misc":{"Tempo di lettura stimato":"1 minuto"},"schema":{"@context":"https:\/\/schema.org","@graph":[{"@type":"WebPage","@id":"https:\/\/www.asti-ticino.ch\/asti\/documenti\/","url":"https:\/\/www.asti-ticino.ch\/asti\/documenti\/","name":"Documenti - ASTi","isPartOf":{"@id":"https:\/\/www.asti-ticino.ch\/asti\/#website"},"primaryImageOfPage":{"@id":"https:\/\/www.asti-ticino.ch\/asti\/documenti\/#primaryimage"},"image":{"@id":"https:\/\/www.asti-ticino.ch\/asti\/documenti\/#primaryimage"},"thumbnailUrl":"http:\/\/www.asti-ticino.ch\/asti\/wp-content\/uploads\/2018\/12\/Copertina-2019-davanti-212x300.jpg","datePublished":"2014-12-24T13:29:53+00:00","dateModified":"2019-11-08T08:08:47+00:00","breadcrumb":{"@id":"https:\/\/www.asti-ticino.ch\/asti\/documenti\/#breadcrumb"},"inLanguage":"it-IT","potentialAction":[{"@type":"ReadAction","target":["https:\/\/www.asti-ticino.ch\/asti\/documenti\/"]}]},{"@type":"ImageObject","inLanguage":"it-IT","@id":"https:\/\/www.asti-ticino.ch\/asti\/documenti\/#primaryimage","url":"https:\/\/www.asti-ticino.ch\/asti\/wp-content\/uploads\/2018\/12\/Copertina-2019-davanti.jpg","contentUrl":"https:\/\/www.asti-ticino.ch\/asti\/wp-content\/uploads\/2018\/12\/Copertina-2019-davanti.jpg","width":621,"height":880},{"@type":"BreadcrumbList","@id":"https:\/\/www.asti-ticino.ch\/asti\/documenti\/#breadcrumb","itemListElement":[{"@type":"ListItem","position":1,"name":"Home","item":"https:\/\/www.asti-ticino.ch\/asti\/"},{"@type":"ListItem","position":2,"name":"Documenti"}]},{"@type":"WebSite","@id":"https:\/\/www.asti-ticino.ch\/asti\/#website","url":"https:\/\/www.asti-ticino.ch\/asti\/","name":"ASTi","description":"Associazione Sportiva Ticinese","potentialAction":[{"@type":"SearchAction","target":{"@type":"EntryPoint","urlTemplate":"https:\/\/www.asti-ticino.ch\/asti\/?s={search_term_string}"},"query-input":{"@type":"PropertyValueSpecification","valueRequired":true,"valueName":"search_term_string"}}],"inLanguage":"it-IT"}]}},"_links":{"self":[{"href":"https:\/\/www.asti-ticino.ch\/asti\/wp-json\/wp\/v2\/pages\/5","targetHints":{"allow":["GET"]}}],"collection":[{"href":"https:\/\/www.asti-ticino.ch\/asti\/wp-json\/wp\/v2\/pages"}],"about":[{"href":"https:\/\/www.asti-ticino.ch\/asti\/wp-json\/wp\/v2\/types\/page"}],"author":[{"embeddable":true,"href":"https:\/\/www.asti-ticino.ch\/asti\/wp-json\/wp\/v2\/users\/1"}],"replies":[{"embeddable":true,"href":"https:\/\/www.asti-ticino.ch\/asti\/wp-json\/wp\/v2\/comments?post=5"}],"version-history":[{"count":6,"href":"https:\/\/www.asti-ticino.ch\/asti\/wp-json\/wp\/v2\/pages\/5\/revisions"}],"predecessor-version":[{"id":455,"href":"https:\/\/www.asti-ticino.ch\/asti\/wp-json\/wp\/v2\/pages\/5\/revisions\/455"}],"wp:attachment":[{"href":"https:\/\/www.asti-ticino.ch\/asti\/wp-json\/wp\/v2\/media?parent=5"}],"curies":[{"name":"wp","href":"https:\/\/api.w.org\/{rel}","templated":true}]}}